{"id":10914,"date":"2023-11-23T11:48:25","date_gmt":"2023-11-23T10:48:25","guid":{"rendered":"http:\/\/blog.espe-bretagne.fr\/prodm1vannes\/?page_id=10914"},"modified":"2023-11-23T11:56:33","modified_gmt":"2023-11-23T10:56:33","slug":"numerique-educatif-des-ressources","status":"publish","type":"page","link":"https:\/\/blog.espe-bretagne.fr\/prodm1vannes\/numerique-educatif-des-ressources\/","title":{"rendered":"Num\u00e9rique \u00e9ducatif : Des ressources"},"content":{"rendered":"<p>(20 Novembre 2023) <em>Le RDRI (R\u00e9seau D\u00e9partemental des Ressources Informatique) du Rh\u00f4ne propose un dossier complet sur les outils et usages du num\u00e9rique en maternelle dans le cadre d\u2019ateliers.<\/em><\/p>\n<p><a href=\"https:\/\/primabord.eduscol.education.fr\/le-numerique-dans-les-ateliers\" target=\"_blank\" rel=\"noopener\">Le num\u00e9rique dans les ateliers<\/a><\/p>\n<p>(17 Novembre 23) <em>\u00ab\u00a0Pour que le num\u00e9rique tienne toutes ses promesses en mati\u00e8re d\u2019efficacit\u00e9 p\u00e9dagogique, il est n\u00e9cessaire de d\u00e9finir les gestes d\u2019enseignement avec le num\u00e9rique \u00e0 ma\u00eetriser par les professeurs.\u00a0\u00bb<\/em><\/p>\n<p><a href=\"https:\/\/primabord.eduscol.education.fr\/9-gestes-d-enseignement-avec-le-numerique\" target=\"_blank\" rel=\"noopener\">Guide pratique : 9 gestes d&rsquo;enseignement avec le num\u00e9rique<\/a><\/p>\n","protected":false},"excerpt":{"rendered":"<p>(20 Novembre 2023) Le RDRI (R\u00e9seau D\u00e9partemental des Ressources Informatique) du Rh\u00f4ne propose un dossier complet sur les outils et usages du num\u00e9rique en maternelle dans le cadre d\u2019ateliers. Le num\u00e9rique dans les ateliers (17 Novembre 23) \u00ab\u00a0Pour que le num\u00e9rique tienne toutes ses promesses en mati\u00e8re d\u2019efficacit\u00e9 p\u00e9dagogique, il est n\u00e9cessaire de d\u00e9finir les [&hellip;]<\/p>\n","protected":false},"author":1,"featured_media":0,"parent":0,"menu_order":0,"comment_status":"closed","ping_status":"closed","template":"","meta":{"footnotes":""},"coauthors":[66],"class_list":["post-10914","page","type-page","status-publish","hentry"],"jetpack_sharing_enabled":true,"_links":{"self":[{"href":"https:\/\/blog.espe-bretagne.fr\/prodm1vannes\/wp-json\/wp\/v2\/pages\/10914","targetHints":{"allow":["GET"]}}],"collection":[{"href":"https:\/\/blog.espe-bretagne.fr\/prodm1vannes\/wp-json\/wp\/v2\/pages"}],"about":[{"href":"https:\/\/blog.espe-bretagne.fr\/prodm1vannes\/wp-json\/wp\/v2\/types\/page"}],"author":[{"embeddable":true,"href":"https:\/\/blog.espe-bretagne.fr\/prodm1vannes\/wp-json\/wp\/v2\/users\/1"}],"replies":[{"embeddable":true,"href":"https:\/\/blog.espe-bretagne.fr\/prodm1vannes\/wp-json\/wp\/v2\/comments?post=10914"}],"version-history":[{"count":4,"href":"https:\/\/blog.espe-bretagne.fr\/prodm1vannes\/wp-json\/wp\/v2\/pages\/10914\/revisions"}],"predecessor-version":[{"id":10929,"href":"https:\/\/blog.espe-bretagne.fr\/prodm1vannes\/wp-json\/wp\/v2\/pages\/10914\/revisions\/10929"}],"wp:attachment":[{"href":"https:\/\/blog.espe-bretagne.fr\/prodm1vannes\/wp-json\/wp\/v2\/media?parent=10914"}],"wp:term":[{"taxonomy":"author","embeddable":true,"href":"https:\/\/blog.espe-bretagne.fr\/prodm1vannes\/wp-json\/wp\/v2\/coauthors?post=10914"}],"curies":[{"name":"wp","href":"https:\/\/api.w.org\/{rel}","templated":true}]}}